{"id":15463,"date":"2024-12-05T14:44:39","date_gmt":"2024-12-05T12:44:39","guid":{"rendered":"https:\/\/www.parosrentals.gr\/vehicle\/cat-ch2-mg-3-hybrid\/"},"modified":"2024-12-05T15:53:04","modified_gmt":"2024-12-05T13:53:04","slug":"cat-ch2-mg-3-hybrid","status":"publish","type":"fleet","link":"https:\/\/www.parosrentals.gr\/fr\/vehicle\/cat-ch2-mg-3-hybrid\/","title":{"rendered":"Cat CH2 &#8211; MG 3 | Hybrid"},"content":{"rendered":"<h1><strong>Discover the New MG 3 Hybrid at Chaniotis Paros Rentals: Compact Efficiency Meets Modern Comfort<\/strong><\/h1>\n<p>\u00c0 Chaniotis Paros Rentals, nous sommes fiers de vous pr\u00e9senter la <strong>Nouvelle MG 3 Hybrid<\/strong> dans notre flotte. C&rsquo;est un parfait m\u00e9lange d&rsquo;innovation, de style et de performance \u00e9cologique pour les voyageurs \u00e0 la recherche d&rsquo;une exp\u00e9rience de conduite compacte et riche en fonctionnalit\u00e9s.<\/p>\n<p>Ce mod\u00e8le hybride est con\u00e7u pour ceux qui appr\u00e9cient l&rsquo;efficacit\u00e9 \u00e9nerg\u00e9tique sans compromettre le confort ou les \u00e9quipements modernes. \u00c9quip\u00e9e d&rsquo;une transmission automatique, la <a href=\"https:\/\/www.mg.co.uk\/new-cars\/mg3-hybrid\">MG 3 Hybrid<\/a> offre une manipulation douce, en en faisant un excellent choix pour naviguer sur les routes pittoresques de Paros.<\/p>\n<p><img fetchpriority=\"high\" decoding=\"async\" class=\"alignnone size-medium wp-image-15408\" src=\"https:\/\/www.parosrentals.gr\/wp-content\/uploads\/2024\/12\/3uZNPe74s2LIeoWn-450x225.webp\" alt=\"\" width=\"450\" height=\"225\" srcset=\"https:\/\/www.parosrentals.gr\/wp-content\/uploads\/2024\/12\/3uZNPe74s2LIeoWn-450x225.webp 450w, https:\/\/www.parosrentals.gr\/wp-content\/uploads\/2024\/12\/3uZNPe74s2LIeoWn.webp 500w\" sizes=\"(max-width: 450px) 100vw, 450px\" \/><\/p>\n<p>Profitez d&rsquo;une cabine spacieuse avec des fonctionnalit\u00e9s de s\u00e9curit\u00e9 de pointe et un syst\u00e8me d&rsquo;infodivertissement intelligent pour rendre votre voyage s\u00fbr et divertissant. Que vous exploriez des plages cach\u00e9es ou des villages charmants, la MG 3 Hybrid garantit une aventure \u00e9l\u00e9gante et \u00e9co-responsable sur Paros !<\/p>\n<p><strong><a href=\"https:\/\/www.parosrentals.gr\/fr\/our-fleet-2\/?mid=5797&amp;ch=ddfbb7829b95e229ab60e0fb38c5df06\">R\u00e9servez<\/a> maintenant et conduisez l&rsquo;avenir avec la MG 3 Hybrid ! &#x1f697;&#x1f33f;<\/strong><\/p>\n<p><img decoding=\"async\" class=\"alignnone size-medium wp-image-15452\" src=\"https:\/\/www.parosrentals.gr\/wp-content\/uploads\/2024\/12\/MG3-Space-slider-interior-front-view-450x331.jpg\" alt=\"\" width=\"450\" height=\"331\" srcset=\"https:\/\/www.parosrentals.gr\/wp-content\/uploads\/2024\/12\/MG3-Space-slider-interior-front-view-450x331.jpg 450w, https:\/\/www.parosrentals.gr\/wp-content\/uploads\/2024\/12\/MG3-Space-slider-interior-front-view-1024x753.jpg 1024w, https:\/\/www.parosrentals.gr\/wp-content\/uploads\/2024\/12\/MG3-Space-slider-interior-front-view-768x564.jpg 768w, https:\/\/www.parosrentals.gr\/wp-content\/uploads\/2024\/12\/MG3-Space-slider-interior-front-view-1536x1129.jpg 1536w, https:\/\/www.parosrentals.gr\/wp-content\/uploads\/2024\/12\/MG3-Space-slider-interior-front-view.jpg 1920w\" sizes=\"(max-width: 450px) 100vw, 450px\" \/><\/p>\n<p>Lorsque vous <strong>choisissez la MG 3<\/strong> pour votre excursion \u00e0 Paros, vous optez pour bien plus qu&rsquo;un simple v\u00e9hicule. Vous optez pour un package de location complet qui comprend toutes <strong>les taxes<\/strong> (T.V.A. 24% et taxe routi\u00e8re 2%), <strong>une assurance standard pour les dommages aux tiers, l&rsquo;incendie, le vol et l&rsquo;assurance bris de glace<\/strong>. Cela garantit une exp\u00e9rience sans stress alors que vous profitez de <strong>kilom\u00e8tres illimit\u00e9s<\/strong> pour explorer chaque coin de l&rsquo;\u00eele.<\/p>\n<p>Les avantages continuent avec des commodit\u00e9s suppl\u00e9mentaires sans frais suppl\u00e9mentaires, comme un si\u00e8ge rehausseur pour b\u00e9b\u00e9 pour vos petits, la possibilit\u00e9 d&rsquo;ajouter un conducteur et une assistance routi\u00e8re disponible 24 heures sur 24. Notre service gratuit de livraison et de r\u00e9cup\u00e9ration depuis le port, l&rsquo;a\u00e9roport ou l&rsquo;h\u00f4tel rend facile le d\u00e9but de votre aventure sur l&rsquo;\u00eele.<\/p>\n<p><img decoding=\"async\" class=\"alignnone size-medium wp-image-15416\" src=\"https:\/\/www.parosrentals.gr\/wp-content\/uploads\/2024\/12\/2024-MG-3-teaser-official3-450x300.jpg\" alt=\"\" width=\"450\" height=\"300\" srcset=\"https:\/\/www.parosrentals.gr\/wp-content\/uploads\/2024\/12\/2024-MG-3-teaser-official3-450x300.jpg 450w, https:\/\/www.parosrentals.gr\/wp-content\/uploads\/2024\/12\/2024-MG-3-teaser-official3-1024x683.jpg 1024w, https:\/\/www.parosrentals.gr\/wp-content\/uploads\/2024\/12\/2024-MG-3-teaser-official3-768x512.jpg 768w, https:\/\/www.parosrentals.gr\/wp-content\/uploads\/2024\/12\/2024-MG-3-teaser-official3-1536x1024.jpg 1536w, https:\/\/www.parosrentals.gr\/wp-content\/uploads\/2024\/12\/2024-MG-3-teaser-official3-2048x1365.jpg 2048w\" sizes=\"(max-width: 450px) 100vw, 450px\" \/><\/p>\n<p>\u00c0 Paros Rentals, nous croyons en des exp\u00e9riences de location transparentes et simples. C&rsquo;est pourquoi nous proposons l&rsquo;annulation <strong>gratuite, aucune exigence de d\u00e9p\u00f4t et aucun besoin de d\u00e9p\u00f4t ou garantie par carte de cr\u00e9dit.<\/strong> Chaque location comprend \u00e9galement des cartes et des conseils d&rsquo;initi\u00e9s pour vous aider \u00e0 d\u00e9couvrir les tr\u00e9sors cach\u00e9s de Paros.<\/p>\n<p><strong><a href=\"https:\/\/www.parosrentals.gr\/fr\/our-fleet-2\/?mid=5797&amp;ch=ddfbb7829b95e229ab60e0fb38c5df06\">R\u00e9servez<\/a> <\/strong>d\u00e8s aujourd&rsquo;hui le nouveau MG ZS et d\u00e9couvrez l&rsquo;avenir des voyages en famille. C&rsquo;est la derni\u00e8re fa\u00e7on de profiter de Paros avec style, s\u00e9curit\u00e9 et confort, tous assur\u00e9s par le service de confiance chez Paros Rentals.<\/p>\n","protected":false},"featured_media":15429,"template":"","fleet_type":[112],"car_class":[147,156,442,357],"class_list":["post-15463","fleet","type-fleet","status-publish","has-post-thumbnail","hentry","fleet_type-location-voiture-paros","car_class-group-automatic-fr-2","car_class-family-fr-2","car_class-hybrid","car_class-luxury-fr"],"acf":[],"yoast_head":"<!-- This site is optimized with the Yoast SEO Premium plugin v26.7 (Yoast SEO v26.7) - https:\/\/yoast.com\/wordpress\/plugins\/seo\/ -->\n<title>Louez la Nouvelle MG 3 Hybrid \u00e0 Paros \u2013 Compacte, \u00c9l\u00e9gante et \u00c9co-Responsable<\/title>\n<meta name=\"description\" content=\"D\u00e9couvrez la nouvelle MG 3 Hybrid chez Chaniotis Paros Rentals. Profitez d&#039;une conduite \u00e9conomique, confortable et s\u00e9curis\u00e9e pour explorer Paros avec style !\" \/>\n<meta name=\"robots\" content=\"index, follow, max-snippet:-1, max-image-preview:large, max-video-preview:-1\" \/>\n<link rel=\"canonical\" href=\"https:\/\/www.parosrentals.gr\/fr\/vehicle\/cat-ch2-mg-3-hybrid\/\" \/>\n<meta property=\"og:locale\" content=\"fr_FR\" \/>\n<meta property=\"og:type\" content=\"article\" \/>\n<meta property=\"og:title\" content=\"Cat CH2 - MG 3 | Hybrid\" \/>\n<meta property=\"og:description\" content=\"D\u00e9couvrez la nouvelle MG 3 Hybrid chez Chaniotis Paros Rentals. Profitez d&#039;une conduite \u00e9conomique, confortable et s\u00e9curis\u00e9e pour explorer Paros avec style !\" \/>\n<meta property=\"og:url\" content=\"https:\/\/www.parosrentals.gr\/fr\/vehicle\/cat-ch2-mg-3-hybrid\/\" \/>\n<meta property=\"og:site_name\" content=\"Paros Rentals\" \/>\n<meta property=\"article:publisher\" content=\"https:\/\/www.facebook.com\/ChaniotisRentals\/\" \/>\n<meta property=\"article:modified_time\" content=\"2024-12-05T13:53:04+00:00\" \/>\n<meta property=\"og:image\" content=\"https:\/\/www.parosrentals.gr\/wp-content\/uploads\/2024\/12\/114633212666c574f13c85e045511983_0_0.png\" \/>\n\t<meta property=\"og:image:width\" content=\"1080\" \/>\n\t<meta property=\"og:image:height\" content=\"720\" \/>\n\t<meta property=\"og:image:type\" content=\"image\/png\" \/>\n<meta name=\"twitter:card\" content=\"summary_large_image\" \/>\n<meta name=\"twitter:label1\" content=\"Dur\u00e9e de lecture estim\u00e9e\" \/>\n\t<meta name=\"twitter:data1\" content=\"3 minutes\" \/>\n<script type=\"application\/ld+json\" class=\"yoast-schema-graph\">{\"@context\":\"https:\/\/schema.org\",\"@graph\":[{\"@type\":\"WebPage\",\"@id\":\"https:\/\/www.parosrentals.gr\/fr\/vehicle\/cat-ch2-mg-3-hybrid\/\",\"url\":\"https:\/\/www.parosrentals.gr\/fr\/vehicle\/cat-ch2-mg-3-hybrid\/\",\"name\":\"Louez la Nouvelle MG 3 Hybrid \u00e0 Paros \u2013 Compacte, \u00c9l\u00e9gante et \u00c9co-Responsable\",\"isPartOf\":{\"@id\":\"https:\/\/www.parosrentals.gr\/it\/#website\"},\"primaryImageOfPage\":{\"@id\":\"https:\/\/www.parosrentals.gr\/fr\/vehicle\/cat-ch2-mg-3-hybrid\/#primaryimage\"},\"image\":{\"@id\":\"https:\/\/www.parosrentals.gr\/fr\/vehicle\/cat-ch2-mg-3-hybrid\/#primaryimage\"},\"thumbnailUrl\":\"https:\/\/www.parosrentals.gr\/wp-content\/uploads\/2024\/12\/114633212666c574f13c85e045511983_0_0.png\",\"datePublished\":\"2024-12-05T12:44:39+00:00\",\"dateModified\":\"2024-12-05T13:53:04+00:00\",\"description\":\"D\u00e9couvrez la nouvelle MG 3 Hybrid chez Chaniotis Paros Rentals. Profitez d'une conduite \u00e9conomique, confortable et s\u00e9curis\u00e9e pour explorer Paros avec style !\",\"breadcrumb\":{\"@id\":\"https:\/\/www.parosrentals.gr\/fr\/vehicle\/cat-ch2-mg-3-hybrid\/#breadcrumb\"},\"inLanguage\":\"fr-FR\",\"potentialAction\":[{\"@type\":\"ReadAction\",\"target\":[\"https:\/\/www.parosrentals.gr\/fr\/vehicle\/cat-ch2-mg-3-hybrid\/\"]}]},{\"@type\":\"ImageObject\",\"inLanguage\":\"fr-FR\",\"@id\":\"https:\/\/www.parosrentals.gr\/fr\/vehicle\/cat-ch2-mg-3-hybrid\/#primaryimage\",\"url\":\"https:\/\/www.parosrentals.gr\/wp-content\/uploads\/2024\/12\/114633212666c574f13c85e045511983_0_0.png\",\"contentUrl\":\"https:\/\/www.parosrentals.gr\/wp-content\/uploads\/2024\/12\/114633212666c574f13c85e045511983_0_0.png\",\"width\":1080,\"height\":720},{\"@type\":\"BreadcrumbList\",\"@id\":\"https:\/\/www.parosrentals.gr\/fr\/vehicle\/cat-ch2-mg-3-hybrid\/#breadcrumb\",\"itemListElement\":[{\"@type\":\"ListItem\",\"position\":1,\"name\":\"Home\",\"item\":\"https:\/\/www.parosrentals.gr\/fr\/\"},{\"@type\":\"ListItem\",\"position\":2,\"name\":\"Cat CH2 &#8211; MG 3 | Hybrid\"}]},{\"@type\":\"WebSite\",\"@id\":\"https:\/\/www.parosrentals.gr\/it\/#website\",\"url\":\"https:\/\/www.parosrentals.gr\/it\/\",\"name\":\"Paros Car & Moto Rentals\",\"description\":\"CAR - MOTO - ATV - TRANSFERS\",\"publisher\":{\"@id\":\"https:\/\/www.parosrentals.gr\/it\/#organization\"},\"potentialAction\":[{\"@type\":\"SearchAction\",\"target\":{\"@type\":\"EntryPoint\",\"urlTemplate\":\"https:\/\/www.parosrentals.gr\/it\/?s={search_term_string}\"},\"query-input\":{\"@type\":\"PropertyValueSpecification\",\"valueRequired\":true,\"valueName\":\"search_term_string\"}}],\"inLanguage\":\"fr-FR\"},{\"@type\":\"Organization\",\"@id\":\"https:\/\/www.parosrentals.gr\/it\/#organization\",\"name\":\"Chaniotis car rentals\",\"url\":\"https:\/\/www.parosrentals.gr\/it\/\",\"logo\":{\"@type\":\"ImageObject\",\"inLanguage\":\"fr-FR\",\"@id\":\"https:\/\/www.parosrentals.gr\/it\/#\/schema\/logo\/image\/\",\"url\":\"https:\/\/www.parosrentals.gr\/wp-content\/uploads\/2019\/12\/paros-car-moto-rental-chaniotis.6-1-scaled-e1580045650720.jpg\",\"contentUrl\":\"https:\/\/www.parosrentals.gr\/wp-content\/uploads\/2019\/12\/paros-car-moto-rental-chaniotis.6-1-scaled-e1580045650720.jpg\",\"width\":1920,\"height\":1056,\"caption\":\"Chaniotis car rentals\"},\"image\":{\"@id\":\"https:\/\/www.parosrentals.gr\/it\/#\/schema\/logo\/image\/\"},\"sameAs\":[\"https:\/\/www.facebook.com\/ChaniotisRentals\/\"]}]}<\/script>\n<!-- \/ Yoast SEO Premium plugin. -->","yoast_head_json":{"title":"Louez la Nouvelle MG 3 Hybrid \u00e0 Paros \u2013 Compacte, \u00c9l\u00e9gante et \u00c9co-Responsable","description":"D\u00e9couvrez la nouvelle MG 3 Hybrid chez Chaniotis Paros Rentals. Profitez d'une conduite \u00e9conomique, confortable et s\u00e9curis\u00e9e pour explorer Paros avec style !","robots":{"index":"index","follow":"follow","max-snippet":"max-snippet:-1","max-image-preview":"max-image-preview:large","max-video-preview":"max-video-preview:-1"},"canonical":"https:\/\/www.parosrentals.gr\/fr\/vehicle\/cat-ch2-mg-3-hybrid\/","og_locale":"fr_FR","og_type":"article","og_title":"Cat CH2 - MG 3 | Hybrid","og_description":"D\u00e9couvrez la nouvelle MG 3 Hybrid chez Chaniotis Paros Rentals. Profitez d'une conduite \u00e9conomique, confortable et s\u00e9curis\u00e9e pour explorer Paros avec style !","og_url":"https:\/\/www.parosrentals.gr\/fr\/vehicle\/cat-ch2-mg-3-hybrid\/","og_site_name":"Paros Rentals","article_publisher":"https:\/\/www.facebook.com\/ChaniotisRentals\/","article_modified_time":"2024-12-05T13:53:04+00:00","og_image":[{"width":1080,"height":720,"url":"https:\/\/www.parosrentals.gr\/wp-content\/uploads\/2024\/12\/114633212666c574f13c85e045511983_0_0.png","type":"image\/png"}],"twitter_card":"summary_large_image","twitter_misc":{"Dur\u00e9e de lecture estim\u00e9e":"3 minutes"},"schema":{"@context":"https:\/\/schema.org","@graph":[{"@type":"WebPage","@id":"https:\/\/www.parosrentals.gr\/fr\/vehicle\/cat-ch2-mg-3-hybrid\/","url":"https:\/\/www.parosrentals.gr\/fr\/vehicle\/cat-ch2-mg-3-hybrid\/","name":"Louez la Nouvelle MG 3 Hybrid \u00e0 Paros \u2013 Compacte, \u00c9l\u00e9gante et \u00c9co-Responsable","isPartOf":{"@id":"https:\/\/www.parosrentals.gr\/it\/#website"},"primaryImageOfPage":{"@id":"https:\/\/www.parosrentals.gr\/fr\/vehicle\/cat-ch2-mg-3-hybrid\/#primaryimage"},"image":{"@id":"https:\/\/www.parosrentals.gr\/fr\/vehicle\/cat-ch2-mg-3-hybrid\/#primaryimage"},"thumbnailUrl":"https:\/\/www.parosrentals.gr\/wp-content\/uploads\/2024\/12\/114633212666c574f13c85e045511983_0_0.png","datePublished":"2024-12-05T12:44:39+00:00","dateModified":"2024-12-05T13:53:04+00:00","description":"D\u00e9couvrez la nouvelle MG 3 Hybrid chez Chaniotis Paros Rentals. Profitez d'une conduite \u00e9conomique, confortable et s\u00e9curis\u00e9e pour explorer Paros avec style !","breadcrumb":{"@id":"https:\/\/www.parosrentals.gr\/fr\/vehicle\/cat-ch2-mg-3-hybrid\/#breadcrumb"},"inLanguage":"fr-FR","potentialAction":[{"@type":"ReadAction","target":["https:\/\/www.parosrentals.gr\/fr\/vehicle\/cat-ch2-mg-3-hybrid\/"]}]},{"@type":"ImageObject","inLanguage":"fr-FR","@id":"https:\/\/www.parosrentals.gr\/fr\/vehicle\/cat-ch2-mg-3-hybrid\/#primaryimage","url":"https:\/\/www.parosrentals.gr\/wp-content\/uploads\/2024\/12\/114633212666c574f13c85e045511983_0_0.png","contentUrl":"https:\/\/www.parosrentals.gr\/wp-content\/uploads\/2024\/12\/114633212666c574f13c85e045511983_0_0.png","width":1080,"height":720},{"@type":"BreadcrumbList","@id":"https:\/\/www.parosrentals.gr\/fr\/vehicle\/cat-ch2-mg-3-hybrid\/#breadcrumb","itemListElement":[{"@type":"ListItem","position":1,"name":"Home","item":"https:\/\/www.parosrentals.gr\/fr\/"},{"@type":"ListItem","position":2,"name":"Cat CH2 &#8211; MG 3 | Hybrid"}]},{"@type":"WebSite","@id":"https:\/\/www.parosrentals.gr\/it\/#website","url":"https:\/\/www.parosrentals.gr\/it\/","name":"Paros Car & Moto Rentals","description":"CAR - MOTO - ATV - TRANSFERS","publisher":{"@id":"https:\/\/www.parosrentals.gr\/it\/#organization"},"potentialAction":[{"@type":"SearchAction","target":{"@type":"EntryPoint","urlTemplate":"https:\/\/www.parosrentals.gr\/it\/?s={search_term_string}"},"query-input":{"@type":"PropertyValueSpecification","valueRequired":true,"valueName":"search_term_string"}}],"inLanguage":"fr-FR"},{"@type":"Organization","@id":"https:\/\/www.parosrentals.gr\/it\/#organization","name":"Chaniotis car rentals","url":"https:\/\/www.parosrentals.gr\/it\/","logo":{"@type":"ImageObject","inLanguage":"fr-FR","@id":"https:\/\/www.parosrentals.gr\/it\/#\/schema\/logo\/image\/","url":"https:\/\/www.parosrentals.gr\/wp-content\/uploads\/2019\/12\/paros-car-moto-rental-chaniotis.6-1-scaled-e1580045650720.jpg","contentUrl":"https:\/\/www.parosrentals.gr\/wp-content\/uploads\/2019\/12\/paros-car-moto-rental-chaniotis.6-1-scaled-e1580045650720.jpg","width":1920,"height":1056,"caption":"Chaniotis car rentals"},"image":{"@id":"https:\/\/www.parosrentals.gr\/it\/#\/schema\/logo\/image\/"},"sameAs":["https:\/\/www.facebook.com\/ChaniotisRentals\/"]}]}},"_links":{"self":[{"href":"https:\/\/www.parosrentals.gr\/fr\/wp-json\/wp\/v2\/fleet\/15463","targetHints":{"allow":["GET"]}}],"collection":[{"href":"https:\/\/www.parosrentals.gr\/fr\/wp-json\/wp\/v2\/fleet"}],"about":[{"href":"https:\/\/www.parosrentals.gr\/fr\/wp-json\/wp\/v2\/types\/fleet"}],"version-history":[{"count":1,"href":"https:\/\/www.parosrentals.gr\/fr\/wp-json\/wp\/v2\/fleet\/15463\/revisions"}],"predecessor-version":[{"id":15464,"href":"https:\/\/www.parosrentals.gr\/fr\/wp-json\/wp\/v2\/fleet\/15463\/revisions\/15464"}],"wp:featuredmedia":[{"embeddable":true,"href":"https:\/\/www.parosrentals.gr\/fr\/wp-json\/wp\/v2\/media\/15429"}],"wp:attachment":[{"href":"https:\/\/www.parosrentals.gr\/fr\/wp-json\/wp\/v2\/media?parent=15463"}],"wp:term":[{"taxonomy":"fleet_type","embeddable":true,"href":"https:\/\/www.parosrentals.gr\/fr\/wp-json\/wp\/v2\/fleet_type?post=15463"},{"taxonomy":"car_class","embeddable":true,"href":"https:\/\/www.parosrentals.gr\/fr\/wp-json\/wp\/v2\/car_class?post=15463"}],"curies":[{"name":"wp","href":"https:\/\/api.w.org\/{rel}","templated":true}]}}